{"version":"1.0","type":"rich","provider_name":"Directions r\u00e9gionales de l&#8217;\u00e9conomie, de l&#8217;emploi, du travail et des solidarit\u00e9s (DREETS)","provider_url":"https:\/\/normandie.dreets.gouv.fr","title":"Mieux conna\u00eetre la DREETS&nbsp;: paroles d&#8217;un agent ","author_name":"BNORMSMignard","width":"480","height":"295","url":"https:\/\/normandie.dreets.gouv.fr\/Mieux-connaitre-la-DREETS-paroles-d-un-agent","html":"\u003Ch4 class='title'\u003E\u003Ca href='https:\/\/normandie.dreets.gouv.fr\/Mieux-connaitre-la-DREETS-paroles-d-un-agent'\u003EMieux conna\u00eetre la DREETS&nbsp;: paroles d&#8217;un agent \u003C\/a\u003E\u003C\/h4\u003E\u003Cblockquote class='spip'\u003E\n\u003Cp\u003ENotre coll\u00e8gue Gabriela communique sur son parcours professionnel, notamment \u00e0 la DREETS Normandie, via le site de la pr\u00e9fecture de Normandie. \n\u003Cbr class='autobr' \/\u003E\n Gabriela travaille \u00e0 la DREETS (Direction R\u00e9gionale de l\u2019\u00e9conomie, de l\u2019emploi, du travail et des solidarit\u00e9s) Normandie. Apr\u00e8s 12 ans d\u2019exp\u00e9rience dans le secteur priv\u00e9, elle a d\u00e9cid\u00e9 de s\u2019orienter vers la fonction publique et nous relate son parcours. \n\u003Cbr class='autobr' \/\u003E\nGabriela&nbsp;: \"J\u2019ai accept\u00e9 de r\u00e9aliser ce t\u00e9moignage afin de participer \u00e0 l\u2019attractivit\u00e9 de la&nbsp;(\u2026)\u003C\/p\u003E\n\u003C\/blockquote\u003E\n"}