{"version":"1.0","type":"rich","provider_name":"Directions r\u00e9gionales de l&#8217;\u00e9conomie, de l&#8217;emploi, du travail et des solidarit\u00e9s (DREETS)","provider_url":"https:\/\/normandie.dreets.gouv.fr","title":"Apprentissage&nbsp;: regardez le webinaire de rentr\u00e9e&nbsp;! ","author_name":"BNORMSMignard","width":"480","height":"295","url":"https:\/\/normandie.dreets.gouv.fr\/Apprentissage-regardez-le-webinaire-de-rentree","html":"\u003Ch4 class='title'\u003E\u003Ca href='https:\/\/normandie.dreets.gouv.fr\/Apprentissage-regardez-le-webinaire-de-rentree'\u003EApprentissage&nbsp;: regardez le webinaire de rentr\u00e9e&nbsp;! \u003C\/a\u003E\u003C\/h4\u003E\u003Cblockquote class='spip'\u003E\n\u003Cp\u003ESi votre prochain talent \u00e9tait un apprenti&nbsp;? \n\u003Cbr class='autobr' \/\u003E\n Regardez en diff\u00e9r\u00e9 le live consacr\u00e9 \u00e0 l\u2019apprentissage, avec&nbsp;: \u2022 Val\u00e9rie Guimard, CEO de SI4YOU \u2022 Johnny WALTER, directeur de L\u2019Acad\u00e9mie des M\u00e9tiers d\u2019Art accompagn\u00e9 de Lalou Gr\u00e9bert, apprenti en deuxi\u00e8me ann\u00e9e de BMA Art du Bijou. \u2022 Jill Cordier, responsable P\u00f4le Partenariats Alternance chez OPCO 2i \u2022 Houssine Gartoum, intrapreneur au sein du Minist\u00e8re du Travail et des Solidarit\u00e9s \u2013 intervenant pour La bonne alternance, un produit&nbsp;(\u2026)\u003C\/p\u003E\n\u003C\/blockquote\u003E\n"}