{"version":"1.0","type":"rich","provider_name":"Directions r\u00e9gionales de l&#8217;\u00e9conomie, de l&#8217;emploi, du travail et des solidarit\u00e9s (DREETS)","provider_url":"https:\/\/normandie.dreets.gouv.fr","title":"Apprentissage&nbsp;: jeunes comment r\u00e9ussir votre entr\u00e9e en apprentissage ","author_name":"BNORMSMignard","width":"480","height":"295","url":"https:\/\/normandie.dreets.gouv.fr\/Apprentissage-jeunes-comment-reussir-votre-entree-en-apprentissage","html":"\u003Ch4 class='title'\u003E\u003Ca href='https:\/\/normandie.dreets.gouv.fr\/Apprentissage-jeunes-comment-reussir-votre-entree-en-apprentissage'\u003EApprentissage&nbsp;: jeunes comment r\u00e9ussir votre entr\u00e9e en apprentissage \u003C\/a\u003E\u003C\/h4\u003E\u003Cblockquote class='spip'\u003E\n\u003Cp\u003ELes \u00e9quipes du site La bonne alternance se mobilisent pour accompagner les jeunes et leurs familles dans leurs d\u00e9marches. \n\u003Cbr class='autobr' \/\u003E\n Les \u00e9quipes du site La bonne alternance, en lien avec les \u00e9quipes d\u2019Affelnet et de Parcoursup, organisent des webinaires afin d\u2019apporter aux jeunes des conseils pratiques pour rechercher un employeur, valoriser sa candidature et s\u00e9curiser son parcours. \n\u003Cbr class='autobr' \/\u003E\n\u2013 27 mai, 12h30-13h30&nbsp;: webinaire La bonne alternance \/ Affelnet. Inscrivez-vous. \n\u003Cbr class='autobr' \/\u003E\n\u2013 3 juin, 18h-19h&nbsp;: webinaire La&nbsp;(\u2026)\u003C\/p\u003E\n\u003C\/blockquote\u003E\n"}